{"id":1196,"date":"2014-10-29T12:53:35","date_gmt":"2014-10-29T16:53:35","guid":{"rendered":"http:\/\/cpar.draconis.ufms.br\/?page_id=1196"},"modified":"2022-01-18T15:30:05","modified_gmt":"2022-01-18T19:30:05","slug":"informacoes","status":"publish","type":"page","link":"https:\/\/cpar.ufms.br\/en\/academico\/informacoes\/","title":{"rendered":"Informa\u00e7\u00f5es"},"content":{"rendered":"<p><span style=\"color: #000000\"><em>Coordenadora de Gest\u00e3o Acad\u00eamica:<\/em><strong> Ani Caroline Machado<br \/>\n<\/strong><\/span><\/p>\n<p><span style=\"color: #000000\"><em>Servidor SECAC:<\/em>\u00a0<strong>Aur\u00e9lio Mateus Ara\u00fajo Souza<\/strong><\/span><\/p>\n<p><em>Servidora SECAC<\/em>: <strong>Patr\u00edcia Queiroz Peli<\/strong><\/p>\n<p>&nbsp;<\/p>\n<p><span style=\"color: #000000\"><strong>Hor\u00e1rio de atendimento PRESENCIAL<\/strong><strong>\u00a0<\/strong><\/span><span style=\"color: #000000\"><strong>da Secretaria Acad\u00eamica:<\/strong><\/span><\/p>\n<p><strong>Segunda a Sexta-feira:<\/strong><br \/>\n07h \u00e0s 11h e das 13h \u00e0s 17h<\/p>\n<p>*Hor\u00e1rios sujeitos a altera\u00e7\u00f5es<\/p>\n<p>&nbsp;<\/p>\n<p><strong><i>T<\/i>elefone:<\/strong><em> (67) 3669-0100<br \/>\n<\/em><\/p>\n<p>whatsapp: (67) 2669-0100<\/p>\n<p><strong><i>E-mail<\/i>:<\/strong><em> secac.cpar@ufms.br<\/em><\/p>\n<p>&nbsp;<\/p>\n<p><span style=\"color: #000000\"><a href=\"https:\/\/boletimoficial.ufms.br\/bse\/publicacao?id=440106\"><strong>Calend\u00e1rio Acad\u00eamico do ano de 2022<\/strong><\/a><strong><br \/>\n<\/strong><\/span><\/p>\n<p><span style=\"color: #000000\"><strong>Normas<\/strong> <\/span><\/p>\n<p><strong><span style=\"color: #993366\"><a style=\"color: #993366\" href=\"https:\/\/cpar.ufms.br\/files\/2014\/09\/Resolucao-COGRAD-n.-550.2018-Regulamento-Geral-dos-Cursos-de-Graduacao-da-UFMS-Republicacao.pdf\">Resolucao COGRAD n. 550.2018 &#8211; Regulamento Geral dos Cursos de Graduacao da UFMS &#8211; Republicacao<\/a><\/span><\/strong><\/p>\n<p><strong><span style=\"color: #0000ff\"><a style=\"color: #0000ff\" href=\"https:\/\/cpar.ufms.br\/files\/2014\/10\/Resolucao-COUN-n.-73.2018-Regime-Disciplinar-dos-Estudantes-da-UFMS.pdf\">Resolucao COUN n. 73.2018 &#8211; Regime Disciplinar dos Estudantes da UFMS<\/a><\/span><\/strong><\/p>\n<p><strong><a href=\"https:\/\/cpar.ufms.br\/files\/2019\/06\/Normas-de-Monitoria-Resolucao-Coeg-COC-RTR-n-342-de-22-06-2015..pdf\">Normas da Monitoria de Ensino de Gradua\u00e7\u00e3o &#8211; Resolu\u00e7\u00e3o COEG n.\u00ba 342\/2015<\/a><\/strong><\/p>\n<p>&nbsp;<\/p>\n<p><span style=\"color: #000000\"><strong>Comiss\u00f5es<\/strong><\/span><\/p>\n<p><strong><a href=\"http:\/\/cpar.draconis.ufms.br\/files\/2014\/09\/Comiss\u00e3o-Setorial-de-Extens\u00e3o-do-CPAR-Instru\u00e7\u00e3o-de-Servi\u00e7o-n.\u00ba-452014.pdf\">Comiss\u00e3o Setorial de Extens\u00e3o do CPAR &#8211; Instru\u00e7\u00e3o de Servi\u00e7o n.\u00ba 45\/2014<\/a><\/strong><\/p>\n<p><strong><a href=\"http:\/\/cpar.draconis.ufms.br\/files\/2014\/10\/Comiss\u00e3o-de-Apoio-e-Assit\u00eancia-Acad\u00eamica-CPAC.pdf\">Comiss\u00e3o de Apoio e Assist\u00eancia Acad\u00eamica (CPAC) &#8211; Instru\u00e7\u00e3o de Servi\u00e7o n.\u00ba 25\/2015<\/a><\/strong><\/p>\n<p><strong><a href=\"http:\/\/cpar.draconis.ufms.br\/files\/2014\/10\/IS-50.2015-SITE.pdf\">Comiss\u00e3o de Acompanhamento e Atualiza\u00e7\u00e3o do site do CPAR &#8211; Instru\u00e7\u00e3o de Servi\u00e7o n.\u00ba 50\/2015<\/a><\/strong><\/p>\n<p><strong><a href=\"https:\/\/cpar.ufms.br\/files\/2014\/10\/Comissao-de-Cultura-Instrucao-de-Servico-n.-13.2017.pdf\">Comiss\u00e3o de Cultura &#8211; Instru\u00e7\u00e3o de Servi\u00e7o n.\u00ba 13\/2017<\/a><\/strong><\/p>\n","protected":false},"excerpt":{"rendered":"<p>Coordenadora de Gest\u00e3o Acad\u00eamica: Ani Caroline Machado Servidor SECAC:\u00a0Aur\u00e9lio Mateus Ara\u00fajo Souza Servidora SECAC: Patr\u00edcia Queiroz Peli &nbsp; Hor\u00e1rio de atendimento PRESENCIAL\u00a0da Secretaria Acad\u00eamica: Segunda a Sexta-feira: 07h \u00e0s 11h e das 13h \u00e0s 17h *Hor\u00e1rios sujeitos a altera\u00e7\u00f5es &nbsp; Telefone: (67) 3669-0100 whatsapp: (67) 2669-0100 E-mail: secac.cpar@ufms.br &nbsp; Calend\u00e1rio Acad\u00eamico do ano de 2022 [&hellip;]<\/p>\n","protected":false},"author":1582,"featured_media":1901,"parent":611,"menu_order":0,"comment_status":"closed","ping_status":"open","template":"page-templates\/page-coordenadorias.php","meta":{"footnotes":""},"coauthors":[],"class_list":["post-1196","page","type-page","status-publish","has-post-thumbnail","hentry"],"yoast_head":"<!-- This site is optimized with the Yoast SEO plugin v26.2 - https:\/\/yoast.com\/wordpress\/plugins\/seo\/ -->\n<title>Informa\u00e7\u00f5es - CPAR - Campus de Parana\u00edba<\/title>\n<meta name=\"robots\" content=\"index, follow, max-snippet:-1, max-image-preview:large, max-video-preview:-1\" \/>\n<link rel=\"canonical\" href=\"https:\/\/cpar.ufms.br\/academico\/informacoes\/\" \/>\n<meta property=\"og:locale\" content=\"en_US\" \/>\n<meta property=\"og:type\" content=\"article\" \/>\n<meta property=\"og:title\" content=\"Informa\u00e7\u00f5es - CPAR - Campus de Parana\u00edba\" \/>\n<meta property=\"og:description\" content=\"Coordenadora de Gest\u00e3o Acad\u00eamica: Ani Caroline Machado Servidor SECAC:\u00a0Aur\u00e9lio Mateus Ara\u00fajo Souza Servidora SECAC: Patr\u00edcia Queiroz Peli &nbsp; Hor\u00e1rio de atendimento PRESENCIAL\u00a0da Secretaria Acad\u00eamica: Segunda a Sexta-feira: 07h \u00e0s 11h e das 13h \u00e0s 17h *Hor\u00e1rios sujeitos a altera\u00e7\u00f5es &nbsp; Telefone: (67) 3669-0100 whatsapp: (67) 2669-0100 E-mail: secac.cpar@ufms.br &nbsp; Calend\u00e1rio Acad\u00eamico do ano de 2022 [&hellip;]\" \/>\n<meta property=\"og:url\" content=\"https:\/\/cpar.ufms.br\/academico\/informacoes\/\" \/>\n<meta property=\"og:site_name\" content=\"CPAR - Campus de Parana\u00edba\" \/>\n<meta property=\"article:modified_time\" content=\"2022-01-18T19:30:05+00:00\" \/>\n<meta property=\"og:image\" content=\"https:\/\/cpar.ufms.br\/files\/2015\/02\/10961911_1091569954201969_1098665564_n.jpg\" \/>\n\t<meta property=\"og:image:width\" content=\"700\" \/>\n\t<meta property=\"og:image:height\" content=\"200\" \/>\n\t<meta property=\"og:image:type\" content=\"image\/jpeg\" \/>\n<meta name=\"twitter:label1\" content=\"Est. reading time\" \/>\n\t<meta name=\"twitter:data1\" content=\"1 minute\" \/>\n\t<meta name=\"twitter:label2\" content=\"Written by\" \/>\n\t<meta name=\"twitter:data2\" content=\"CPAR.UFMS\" \/>\n<script type=\"application\/ld+json\" class=\"yoast-schema-graph\">{\"@context\":\"https:\/\/schema.org\",\"@graph\":[{\"@type\":\"WebPage\",\"@id\":\"https:\/\/cpar.ufms.br\/academico\/informacoes\/\",\"url\":\"https:\/\/cpar.ufms.br\/academico\/informacoes\/\",\"name\":\"Informa\u00e7\u00f5es - CPAR - Campus de Parana\u00edba\",\"isPartOf\":{\"@id\":\"https:\/\/cpar.ufms.br\/#website\"},\"primaryImageOfPage\":{\"@id\":\"https:\/\/cpar.ufms.br\/academico\/informacoes\/#primaryimage\"},\"image\":{\"@id\":\"https:\/\/cpar.ufms.br\/academico\/informacoes\/#primaryimage\"},\"thumbnailUrl\":\"https:\/\/cpar.ufms.br\/files\/2015\/02\/10961911_1091569954201969_1098665564_n.jpg\",\"datePublished\":\"2014-10-29T16:53:35+00:00\",\"dateModified\":\"2022-01-18T19:30:05+00:00\",\"breadcrumb\":{\"@id\":\"https:\/\/cpar.ufms.br\/academico\/informacoes\/#breadcrumb\"},\"inLanguage\":\"en-US\",\"potentialAction\":[{\"@type\":\"ReadAction\",\"target\":[\"https:\/\/cpar.ufms.br\/academico\/informacoes\/\"]}]},{\"@type\":\"ImageObject\",\"inLanguage\":\"en-US\",\"@id\":\"https:\/\/cpar.ufms.br\/academico\/informacoes\/#primaryimage\",\"url\":\"https:\/\/cpar.ufms.br\/files\/2015\/02\/10961911_1091569954201969_1098665564_n.jpg\",\"contentUrl\":\"https:\/\/cpar.ufms.br\/files\/2015\/02\/10961911_1091569954201969_1098665564_n.jpg\",\"width\":700,\"height\":200},{\"@type\":\"BreadcrumbList\",\"@id\":\"https:\/\/cpar.ufms.br\/academico\/informacoes\/#breadcrumb\",\"itemListElement\":[{\"@type\":\"ListItem\",\"position\":1,\"name\":\"In\u00edcio\",\"item\":\"https:\/\/cpar.ufms.br\/\"},{\"@type\":\"ListItem\",\"position\":2,\"name\":\"Acad\u00eamico\",\"item\":\"https:\/\/cpar.ufms.br\/academico\/\"},{\"@type\":\"ListItem\",\"position\":3,\"name\":\"Informa\u00e7\u00f5es\"}]},{\"@type\":\"WebSite\",\"@id\":\"https:\/\/cpar.ufms.br\/#website\",\"url\":\"https:\/\/cpar.ufms.br\/\",\"name\":\"CPAR - Campus de Parana\u00edba\",\"description\":\"Universidade Federal de Mato Grosso do Sul\",\"potentialAction\":[{\"@type\":\"SearchAction\",\"target\":{\"@type\":\"EntryPoint\",\"urlTemplate\":\"https:\/\/cpar.ufms.br\/?s={search_term_string}\"},\"query-input\":{\"@type\":\"PropertyValueSpecification\",\"valueRequired\":true,\"valueName\":\"search_term_string\"}}],\"inLanguage\":\"en-US\"}]}<\/script>\n<!-- \/ Yoast SEO plugin. -->","yoast_head_json":{"title":"Informa\u00e7\u00f5es - CPAR - Campus de Parana\u00edba","robots":{"index":"index","follow":"follow","max-snippet":"max-snippet:-1","max-image-preview":"max-image-preview:large","max-video-preview":"max-video-preview:-1"},"canonical":"https:\/\/cpar.ufms.br\/academico\/informacoes\/","og_locale":"en_US","og_type":"article","og_title":"Informa\u00e7\u00f5es - CPAR - Campus de Parana\u00edba","og_description":"Coordenadora de Gest\u00e3o Acad\u00eamica: Ani Caroline Machado Servidor SECAC:\u00a0Aur\u00e9lio Mateus Ara\u00fajo Souza Servidora SECAC: Patr\u00edcia Queiroz Peli &nbsp; Hor\u00e1rio de atendimento PRESENCIAL\u00a0da Secretaria Acad\u00eamica: Segunda a Sexta-feira: 07h \u00e0s 11h e das 13h \u00e0s 17h *Hor\u00e1rios sujeitos a altera\u00e7\u00f5es &nbsp; Telefone: (67) 3669-0100 whatsapp: (67) 2669-0100 E-mail: secac.cpar@ufms.br &nbsp; Calend\u00e1rio Acad\u00eamico do ano de 2022 [&hellip;]","og_url":"https:\/\/cpar.ufms.br\/academico\/informacoes\/","og_site_name":"CPAR - Campus de Parana\u00edba","article_modified_time":"2022-01-18T19:30:05+00:00","og_image":[{"width":700,"height":200,"url":"https:\/\/cpar.ufms.br\/files\/2015\/02\/10961911_1091569954201969_1098665564_n.jpg","type":"image\/jpeg"}],"twitter_misc":{"Est. reading time":"1 minute","Written by":"CPAR.UFMS"},"schema":{"@context":"https:\/\/schema.org","@graph":[{"@type":"WebPage","@id":"https:\/\/cpar.ufms.br\/academico\/informacoes\/","url":"https:\/\/cpar.ufms.br\/academico\/informacoes\/","name":"Informa\u00e7\u00f5es - CPAR - Campus de Parana\u00edba","isPartOf":{"@id":"https:\/\/cpar.ufms.br\/#website"},"primaryImageOfPage":{"@id":"https:\/\/cpar.ufms.br\/academico\/informacoes\/#primaryimage"},"image":{"@id":"https:\/\/cpar.ufms.br\/academico\/informacoes\/#primaryimage"},"thumbnailUrl":"https:\/\/cpar.ufms.br\/files\/2015\/02\/10961911_1091569954201969_1098665564_n.jpg","datePublished":"2014-10-29T16:53:35+00:00","dateModified":"2022-01-18T19:30:05+00:00","breadcrumb":{"@id":"https:\/\/cpar.ufms.br\/academico\/informacoes\/#breadcrumb"},"inLanguage":"en-US","potentialAction":[{"@type":"ReadAction","target":["https:\/\/cpar.ufms.br\/academico\/informacoes\/"]}]},{"@type":"ImageObject","inLanguage":"en-US","@id":"https:\/\/cpar.ufms.br\/academico\/informacoes\/#primaryimage","url":"https:\/\/cpar.ufms.br\/files\/2015\/02\/10961911_1091569954201969_1098665564_n.jpg","contentUrl":"https:\/\/cpar.ufms.br\/files\/2015\/02\/10961911_1091569954201969_1098665564_n.jpg","width":700,"height":200},{"@type":"BreadcrumbList","@id":"https:\/\/cpar.ufms.br\/academico\/informacoes\/#breadcrumb","itemListElement":[{"@type":"ListItem","position":1,"name":"In\u00edcio","item":"https:\/\/cpar.ufms.br\/"},{"@type":"ListItem","position":2,"name":"Acad\u00eamico","item":"https:\/\/cpar.ufms.br\/academico\/"},{"@type":"ListItem","position":3,"name":"Informa\u00e7\u00f5es"}]},{"@type":"WebSite","@id":"https:\/\/cpar.ufms.br\/#website","url":"https:\/\/cpar.ufms.br\/","name":"CPAR - Campus de Parana\u00edba","description":"Universidade Federal de Mato Grosso do Sul","potentialAction":[{"@type":"SearchAction","target":{"@type":"EntryPoint","urlTemplate":"https:\/\/cpar.ufms.br\/?s={search_term_string}"},"query-input":{"@type":"PropertyValueSpecification","valueRequired":true,"valueName":"search_term_string"}}],"inLanguage":"en-US"}]}},"_links":{"self":[{"href":"https:\/\/cpar.ufms.br\/en\/wp-json\/wp\/v2\/pages\/1196","targetHints":{"allow":["GET"]}}],"collection":[{"href":"https:\/\/cpar.ufms.br\/en\/wp-json\/wp\/v2\/pages"}],"about":[{"href":"https:\/\/cpar.ufms.br\/en\/wp-json\/wp\/v2\/types\/page"}],"author":[{"embeddable":true,"href":"https:\/\/cpar.ufms.br\/en\/wp-json\/wp\/v2\/users\/1582"}],"replies":[{"embeddable":true,"href":"https:\/\/cpar.ufms.br\/en\/wp-json\/wp\/v2\/comments?post=1196"}],"version-history":[{"count":69,"href":"https:\/\/cpar.ufms.br\/en\/wp-json\/wp\/v2\/pages\/1196\/revisions"}],"predecessor-version":[{"id":12741,"href":"https:\/\/cpar.ufms.br\/en\/wp-json\/wp\/v2\/pages\/1196\/revisions\/12741"}],"up":[{"embeddable":true,"href":"https:\/\/cpar.ufms.br\/en\/wp-json\/wp\/v2\/pages\/611"}],"wp:featuredmedia":[{"embeddable":true,"href":"https:\/\/cpar.ufms.br\/en\/wp-json\/wp\/v2\/media\/1901"}],"wp:attachment":[{"href":"https:\/\/cpar.ufms.br\/en\/wp-json\/wp\/v2\/media?parent=1196"}],"wp:term":[{"taxonomy":"author","embeddable":true,"href":"https:\/\/cpar.ufms.br\/en\/wp-json\/wp\/v2\/coauthors?post=1196"}],"curies":[{"name":"wp","href":"https:\/\/api.w.org\/{rel}","templated":true}]}}