{"id":1894,"date":"2015-02-12T07:06:42","date_gmt":"2015-02-12T11:06:42","guid":{"rendered":"http:\/\/cpar.draconis.ufms.br\/?page_id=1894"},"modified":"2023-08-30T14:32:02","modified_gmt":"2023-08-30T18:32:02","slug":"monitoria","status":"publish","type":"page","link":"https:\/\/cpar.ufms.br\/en\/academico\/monitoria\/","title":{"rendered":"Monitoria"},"content":{"rendered":"<h3>DOCUMENTOS<\/h3>\n<p><strong><a href=\"https:\/\/cpar.ufms.br\/files\/2019\/06\/Normas-de-Monitoria-Resolucao-Coeg-COC-RTR-n-342-de-22-06-2015..pdf\">Normas de Monitoria de Ensino de Gradua\u00e7\u00e3o &#8211; Resolu\u00e7\u00e3o COEG n.\u00ba 342\/2015<\/a><\/strong><\/p>\n<p><a href=\"https:\/\/cpar.ufms.br\/files\/2015\/02\/NOVO-Relat\u00f3rio-Mensal-Monitoria.pdf\">NOVO Relat\u00f3rio Mensal Monitoria<\/a><\/p>\n<p><a href=\"https:\/\/cpar.ufms.br\/files\/2015\/02\/Relat\u00f3rio-final-Monitoria.doc\">Relat\u00f3rio-final-Monitoria<\/a><\/p>\n<p>&nbsp;<\/p>\n<h3><span style=\"color: #000000\"><strong>MONITORES<\/strong><\/span><\/h3>\n<p>&nbsp;<\/p>\n<h3><span style=\"color: #008000\"><span style=\"color: #0000ff\"><strong>CURSO DE ADMINISTRA\u00c7\u00c3O<\/strong><\/span><\/span><\/h3>\n<p>&nbsp;<\/p>\n<h4><strong>An\u00e1lise Financeira e de Investimentos<\/strong><\/h4>\n<p>Monitor: <strong>Jaqueline Santos Oliveira<\/strong><\/p>\n<p>Atendimento: Sexta-feira &#8211; 18:00hs<\/p>\n<p><em>Professor Richa<\/em>rdson Coimbra Borges<\/p>\n<p>&nbsp;<\/p>\n<h4><strong>An\u00e1lise das Demonstra\u00e7\u00f5es Financeiras\u00a0<\/strong><\/h4>\n<p>Monitor: <strong>Jaqueline Santos Oliveira<\/strong><\/p>\n<p>Atendimento: S\u00e1bado &#8211; 18:00hs<\/p>\n<p><em>Professor Richa<\/em>rdson Coimbra Borges<\/p>\n<hr \/>\n<h3><span style=\"color: #008000\"><span style=\"color: #0000ff\">CURSO D<strong>E MATEM\u00c1TICA<\/strong><\/span><em><span style=\"text-decoration: underline\"><strong><br \/>\n<\/strong><\/span><\/em><\/span><\/h3>\n<h4><span style=\"font-family: georgia, palatino, serif\">C\u00e1lculo 1<\/span><\/h4>\n<div>Monitora: <strong>\u00c9rica Vit\u00f3ria\u00a0Palhares Supriano<\/strong><\/div>\n<div>Hor\u00e1rios de atendimento: Segunda-feira &#8211;\u00a018:00hs as 19:00hs e quinta-feira &#8211;\u00a018:00hs as 19:00hs.<\/div>\n<div><em>Professor Raildo Santos de Lima<\/em><\/div>\n<div><\/div>\n<div>\n<h4><span style=\"font-family: georgia, palatino, serif\">C\u00e1lculo 2<\/span><\/h4>\n<div>Monitora: <strong>Elliton Gabriel da Silva<\/strong><\/div>\n<div>Hor\u00e1rios de atendimento: Segunda-feira &#8211;\u00a018:00hs as 19:00hs e quinta-feira &#8211;\u00a018:00hs as 19:00hs.<\/div>\n<div><em>Professor Raildo Santos de Lima<\/em><\/div>\n<div><\/div>\n<div>\n<h4><span style=\"font-family: georgia, palatino, serif\">Pr\u00e1tica de Ensino de Matem\u00e1tica 2<\/span><\/h4>\n<div>Monitora: <strong>\u00c9rica Vit\u00f3ria\u00a0Palhares Supriano<\/strong><\/div>\n<div>Hor\u00e1rios de atendimento: Segunda-feira &#8211;\u00a018:00hs as 19:00hs e quinta-feira &#8211;\u00a018:00hs as 19:00hs.<\/div>\n<div><em>Professor Raildo Santos de Lima<\/em><\/div>\n<div><\/div>\n<\/div>\n<\/div>\n<h4>F\u00edsica<\/h4>\n<div>Monitor:<strong> Caio Leonardo Pereira da Costa<\/strong><\/div>\n<div>Hor\u00e1rios de atendimento: Segunda-feira &#8211;\u00a018:00hs as 19:00hs e quinta-feira &#8211;\u00a018:00hs as 19:00hs.<\/div>\n<div><em>Professor Raildo Santos de Lima<\/em><\/div>\n<div><\/div>\n<div>\n<hr \/>\n<\/div>\n<h3><span style=\"color: #008000\"><span style=\"color: #0000ff\"><strong>CURSO DE PSICOLOGIA<\/strong><\/span><\/span><\/h3>\n<h4><strong>M\u00e9todos de pesquisa em Psicologia 1<\/strong><\/h4>\n<p>Monitora:<strong> Ludmilla Tonetti Cezar<\/strong><br \/>\n<em>Professor Juliano Setsuo Violin Kanamota<\/em><\/p>\n<p>&nbsp;<\/p>\n<h4><strong>Fen\u00f4menos e Processos Psicol\u00f3gicos &#8211; enfoque anal\u00edtico comportamental I<\/strong><\/h4>\n<p>Monitor: <strong>Thiago Rodrigues Natal<\/strong><br \/>\n<em>Professor Juliano Setsuo Violin Kanamota<\/em><\/p>\n<p>&nbsp;<\/p>\n<h4><strong>(Espelho) Teorias e t\u00e9cnicas psicoter\u00e1picas: Enfoque anal\u00edtico comportamental \/ T\u00e9cnicas psicoter\u00e1picas &#8211; Enfoque comportamental\u00a0<\/strong><\/h4>\n<div>Monitor: <strong>Jo\u00e3o Pedro Boer de Souza<\/strong><\/div>\n<div>Atendimento: Quarta-feira &#8211; 13:00hs \u00e0s 17:00, quinta-feira &#8211; 13:00hs \u00e0s 17:00hs e sexta-feira 13:00hs \u00e0s 17:00hs<br \/>\nMonitora:<strong> Lais Arend Nunes<\/strong><\/div>\n<div>Atendimento: Segunda-feira &#8211; 13:00hs \u00e0s 17:00hs; quarta-feira &#8211; 08:00hs \u00e0s 12:00hs e sexta-feira &#8211; 13:00hs \u00e0s 17:00hs<br \/>\n<em>Professor Vinicius Santos Ferreira<\/em><\/div>\n<div>\n<div><\/div>\n<\/div>\n","protected":false},"excerpt":{"rendered":"<p>DOCUMENTOS Normas de Monitoria de Ensino de Gradua\u00e7\u00e3o &#8211; Resolu\u00e7\u00e3o COEG n.\u00ba 342\/2015 NOVO Relat\u00f3rio Mensal Monitoria Relat\u00f3rio-final-Monitoria &nbsp; MONITORES &nbsp; CURSO DE ADMINISTRA\u00c7\u00c3O &nbsp; An\u00e1lise Financeira e de Investimentos Monitor: Jaqueline Santos Oliveira Atendimento: Sexta-feira &#8211; 18:00hs Professor Richardson Coimbra Borges &nbsp; An\u00e1lise das Demonstra\u00e7\u00f5es Financeiras\u00a0 Monitor: Jaqueline Santos Oliveira Atendimento: S\u00e1bado &#8211; 18:00hs [&hellip;]<\/p>\n","protected":false},"author":1582,"featured_media":1900,"parent":611,"menu_order":0,"comment_status":"closed","ping_status":"open","template":"page-templates\/page-coordenadorias.php","meta":{"footnotes":""},"coauthors":[],"class_list":["post-1894","page","type-page","status-publish","has-post-thumbnail","hentry"],"yoast_head":"<!-- This site is optimized with the Yoast SEO plugin v26.2 - https:\/\/yoast.com\/wordpress\/plugins\/seo\/ -->\n<title>Monitoria - CPAR - Campus de Parana\u00edba<\/title>\n<meta name=\"robots\" content=\"index, follow, max-snippet:-1, max-image-preview:large, max-video-preview:-1\" \/>\n<link rel=\"canonical\" href=\"https:\/\/cpar.ufms.br\/academico\/monitoria\/\" \/>\n<meta property=\"og:locale\" content=\"en_US\" \/>\n<meta property=\"og:type\" content=\"article\" \/>\n<meta property=\"og:title\" content=\"Monitoria - CPAR - Campus de Parana\u00edba\" \/>\n<meta property=\"og:description\" content=\"DOCUMENTOS Normas de Monitoria de Ensino de Gradua\u00e7\u00e3o &#8211; Resolu\u00e7\u00e3o COEG n.\u00ba 342\/2015 NOVO Relat\u00f3rio Mensal Monitoria Relat\u00f3rio-final-Monitoria &nbsp; MONITORES &nbsp; CURSO DE ADMINISTRA\u00c7\u00c3O &nbsp; An\u00e1lise Financeira e de Investimentos Monitor: Jaqueline Santos Oliveira Atendimento: Sexta-feira &#8211; 18:00hs Professor Richardson Coimbra Borges &nbsp; An\u00e1lise das Demonstra\u00e7\u00f5es Financeiras\u00a0 Monitor: Jaqueline Santos Oliveira Atendimento: S\u00e1bado &#8211; 18:00hs [&hellip;]\" \/>\n<meta property=\"og:url\" content=\"https:\/\/cpar.ufms.br\/academico\/monitoria\/\" \/>\n<meta property=\"og:site_name\" content=\"CPAR - Campus de Parana\u00edba\" \/>\n<meta property=\"article:modified_time\" content=\"2023-08-30T18:32:02+00:00\" \/>\n<meta property=\"og:image\" content=\"https:\/\/cpar.ufms.br\/files\/2015\/02\/10956980_1091569947535303_697390603_n.jpg\" \/>\n\t<meta property=\"og:image:width\" content=\"700\" \/>\n\t<meta property=\"og:image:height\" content=\"200\" \/>\n\t<meta property=\"og:image:type\" content=\"image\/jpeg\" \/>\n<meta name=\"twitter:label1\" content=\"Est. reading time\" \/>\n\t<meta name=\"twitter:data1\" content=\"2 minutes\" \/>\n\t<meta name=\"twitter:label2\" content=\"Written by\" \/>\n\t<meta name=\"twitter:data2\" content=\"CPAR.UFMS\" \/>\n<script type=\"application\/ld+json\" class=\"yoast-schema-graph\">{\"@context\":\"https:\/\/schema.org\",\"@graph\":[{\"@type\":\"WebPage\",\"@id\":\"https:\/\/cpar.ufms.br\/academico\/monitoria\/\",\"url\":\"https:\/\/cpar.ufms.br\/academico\/monitoria\/\",\"name\":\"Monitoria - CPAR - Campus de Parana\u00edba\",\"isPartOf\":{\"@id\":\"https:\/\/cpar.ufms.br\/#website\"},\"primaryImageOfPage\":{\"@id\":\"https:\/\/cpar.ufms.br\/academico\/monitoria\/#primaryimage\"},\"image\":{\"@id\":\"https:\/\/cpar.ufms.br\/academico\/monitoria\/#primaryimage\"},\"thumbnailUrl\":\"https:\/\/cpar.ufms.br\/files\/2015\/02\/10956980_1091569947535303_697390603_n.jpg\",\"datePublished\":\"2015-02-12T11:06:42+00:00\",\"dateModified\":\"2023-08-30T18:32:02+00:00\",\"breadcrumb\":{\"@id\":\"https:\/\/cpar.ufms.br\/academico\/monitoria\/#breadcrumb\"},\"inLanguage\":\"en-US\",\"potentialAction\":[{\"@type\":\"ReadAction\",\"target\":[\"https:\/\/cpar.ufms.br\/academico\/monitoria\/\"]}]},{\"@type\":\"ImageObject\",\"inLanguage\":\"en-US\",\"@id\":\"https:\/\/cpar.ufms.br\/academico\/monitoria\/#primaryimage\",\"url\":\"https:\/\/cpar.ufms.br\/files\/2015\/02\/10956980_1091569947535303_697390603_n.jpg\",\"contentUrl\":\"https:\/\/cpar.ufms.br\/files\/2015\/02\/10956980_1091569947535303_697390603_n.jpg\",\"width\":700,\"height\":200},{\"@type\":\"BreadcrumbList\",\"@id\":\"https:\/\/cpar.ufms.br\/academico\/monitoria\/#breadcrumb\",\"itemListElement\":[{\"@type\":\"ListItem\",\"position\":1,\"name\":\"In\u00edcio\",\"item\":\"https:\/\/cpar.ufms.br\/\"},{\"@type\":\"ListItem\",\"position\":2,\"name\":\"Acad\u00eamico\",\"item\":\"https:\/\/cpar.ufms.br\/academico\/\"},{\"@type\":\"ListItem\",\"position\":3,\"name\":\"Monitoria\"}]},{\"@type\":\"WebSite\",\"@id\":\"https:\/\/cpar.ufms.br\/#website\",\"url\":\"https:\/\/cpar.ufms.br\/\",\"name\":\"CPAR - Campus de Parana\u00edba\",\"description\":\"Universidade Federal de Mato Grosso do Sul\",\"potentialAction\":[{\"@type\":\"SearchAction\",\"target\":{\"@type\":\"EntryPoint\",\"urlTemplate\":\"https:\/\/cpar.ufms.br\/?s={search_term_string}\"},\"query-input\":{\"@type\":\"PropertyValueSpecification\",\"valueRequired\":true,\"valueName\":\"search_term_string\"}}],\"inLanguage\":\"en-US\"}]}<\/script>\n<!-- \/ Yoast SEO plugin. -->","yoast_head_json":{"title":"Monitoria - CPAR - Campus de Parana\u00edba","robots":{"index":"index","follow":"follow","max-snippet":"max-snippet:-1","max-image-preview":"max-image-preview:large","max-video-preview":"max-video-preview:-1"},"canonical":"https:\/\/cpar.ufms.br\/academico\/monitoria\/","og_locale":"en_US","og_type":"article","og_title":"Monitoria - CPAR - Campus de Parana\u00edba","og_description":"DOCUMENTOS Normas de Monitoria de Ensino de Gradua\u00e7\u00e3o &#8211; Resolu\u00e7\u00e3o COEG n.\u00ba 342\/2015 NOVO Relat\u00f3rio Mensal Monitoria Relat\u00f3rio-final-Monitoria &nbsp; MONITORES &nbsp; CURSO DE ADMINISTRA\u00c7\u00c3O &nbsp; An\u00e1lise Financeira e de Investimentos Monitor: Jaqueline Santos Oliveira Atendimento: Sexta-feira &#8211; 18:00hs Professor Richardson Coimbra Borges &nbsp; An\u00e1lise das Demonstra\u00e7\u00f5es Financeiras\u00a0 Monitor: Jaqueline Santos Oliveira Atendimento: S\u00e1bado &#8211; 18:00hs [&hellip;]","og_url":"https:\/\/cpar.ufms.br\/academico\/monitoria\/","og_site_name":"CPAR - Campus de Parana\u00edba","article_modified_time":"2023-08-30T18:32:02+00:00","og_image":[{"width":700,"height":200,"url":"https:\/\/cpar.ufms.br\/files\/2015\/02\/10956980_1091569947535303_697390603_n.jpg","type":"image\/jpeg"}],"twitter_misc":{"Est. reading time":"2 minutes","Written by":"CPAR.UFMS"},"schema":{"@context":"https:\/\/schema.org","@graph":[{"@type":"WebPage","@id":"https:\/\/cpar.ufms.br\/academico\/monitoria\/","url":"https:\/\/cpar.ufms.br\/academico\/monitoria\/","name":"Monitoria - CPAR - Campus de Parana\u00edba","isPartOf":{"@id":"https:\/\/cpar.ufms.br\/#website"},"primaryImageOfPage":{"@id":"https:\/\/cpar.ufms.br\/academico\/monitoria\/#primaryimage"},"image":{"@id":"https:\/\/cpar.ufms.br\/academico\/monitoria\/#primaryimage"},"thumbnailUrl":"https:\/\/cpar.ufms.br\/files\/2015\/02\/10956980_1091569947535303_697390603_n.jpg","datePublished":"2015-02-12T11:06:42+00:00","dateModified":"2023-08-30T18:32:02+00:00","breadcrumb":{"@id":"https:\/\/cpar.ufms.br\/academico\/monitoria\/#breadcrumb"},"inLanguage":"en-US","potentialAction":[{"@type":"ReadAction","target":["https:\/\/cpar.ufms.br\/academico\/monitoria\/"]}]},{"@type":"ImageObject","inLanguage":"en-US","@id":"https:\/\/cpar.ufms.br\/academico\/monitoria\/#primaryimage","url":"https:\/\/cpar.ufms.br\/files\/2015\/02\/10956980_1091569947535303_697390603_n.jpg","contentUrl":"https:\/\/cpar.ufms.br\/files\/2015\/02\/10956980_1091569947535303_697390603_n.jpg","width":700,"height":200},{"@type":"BreadcrumbList","@id":"https:\/\/cpar.ufms.br\/academico\/monitoria\/#breadcrumb","itemListElement":[{"@type":"ListItem","position":1,"name":"In\u00edcio","item":"https:\/\/cpar.ufms.br\/"},{"@type":"ListItem","position":2,"name":"Acad\u00eamico","item":"https:\/\/cpar.ufms.br\/academico\/"},{"@type":"ListItem","position":3,"name":"Monitoria"}]},{"@type":"WebSite","@id":"https:\/\/cpar.ufms.br\/#website","url":"https:\/\/cpar.ufms.br\/","name":"CPAR - Campus de Parana\u00edba","description":"Universidade Federal de Mato Grosso do Sul","potentialAction":[{"@type":"SearchAction","target":{"@type":"EntryPoint","urlTemplate":"https:\/\/cpar.ufms.br\/?s={search_term_string}"},"query-input":{"@type":"PropertyValueSpecification","valueRequired":true,"valueName":"search_term_string"}}],"inLanguage":"en-US"}]}},"_links":{"self":[{"href":"https:\/\/cpar.ufms.br\/en\/wp-json\/wp\/v2\/pages\/1894","targetHints":{"allow":["GET"]}}],"collection":[{"href":"https:\/\/cpar.ufms.br\/en\/wp-json\/wp\/v2\/pages"}],"about":[{"href":"https:\/\/cpar.ufms.br\/en\/wp-json\/wp\/v2\/types\/page"}],"author":[{"embeddable":true,"href":"https:\/\/cpar.ufms.br\/en\/wp-json\/wp\/v2\/users\/1582"}],"replies":[{"embeddable":true,"href":"https:\/\/cpar.ufms.br\/en\/wp-json\/wp\/v2\/comments?post=1894"}],"version-history":[{"count":208,"href":"https:\/\/cpar.ufms.br\/en\/wp-json\/wp\/v2\/pages\/1894\/revisions"}],"predecessor-version":[{"id":15939,"href":"https:\/\/cpar.ufms.br\/en\/wp-json\/wp\/v2\/pages\/1894\/revisions\/15939"}],"up":[{"embeddable":true,"href":"https:\/\/cpar.ufms.br\/en\/wp-json\/wp\/v2\/pages\/611"}],"wp:featuredmedia":[{"embeddable":true,"href":"https:\/\/cpar.ufms.br\/en\/wp-json\/wp\/v2\/media\/1900"}],"wp:attachment":[{"href":"https:\/\/cpar.ufms.br\/en\/wp-json\/wp\/v2\/media?parent=1894"}],"wp:term":[{"taxonomy":"author","embeddable":true,"href":"https:\/\/cpar.ufms.br\/en\/wp-json\/wp\/v2\/coauthors?post=1894"}],"curies":[{"name":"wp","href":"https:\/\/api.w.org\/{rel}","templated":true}]}}